{"id":1883,"date":"2022-06-03T11:45:28","date_gmt":"2022-06-03T11:45:28","guid":{"rendered":"https:\/\/hotelekai.com\/?page_id=1883"},"modified":"2023-06-01T13:48:45","modified_gmt":"2023-06-01T13:48:45","slug":"el-hotel-ekai-en-ecay-de-longuida","status":"publish","type":"page","link":"https:\/\/hotelekai.com\/fr\/el-hotel-ekai-en-ecay-de-longuida\/","title":{"rendered":"El Hotel Ekai en Ecay de L\u00f3nguida"},"content":{"rendered":"\t\t<div data-elementor-type=\"wp-page\" data-elementor-id=\"1883\" class=\"elementor elementor-1883\" data-elementor-post-type=\"page\">\n\t\t\t\t<div class=\"elementor-element elementor-element-289e2da e-con-full e-dte-flex e-flex e-con e-parent\" data-id=\"289e2da\" data-element_type=\"container\" data-e-type=\"container\" data-settings=\"{&quot;background_background&quot;:&quot;classic&quot;,&quot;dte_container_type&quot;:&quot;flex&quot;}\">\n\t\t\t\t<div class=\"elementor-element elementor-element-e4a63b0 elementor-widget elementor-widget-heading\" data-id=\"e4a63b0\" data-element_type=\"widget\" data-e-type=\"widget\" data-widget_type=\"heading.default\">\n\t\t\t\t<div class=\"elementor-widget-container\">\n\t\t\t\t\t<h1 class=\"elementor-heading-title elementor-size-default\">L'h\u00f4tel Ekay <br>\u00e0 L\u00f3nguida, Navarre<\/h1>\t\t\t\t<\/div>\n\t\t\t\t<\/div>\n\t\t\t\t<\/div>\n\t\t<div class=\"elementor-element elementor-element-9afdf79 e-dte-flex e-flex e-con-boxed e-con e-parent\" data-id=\"9afdf79\" data-element_type=\"container\" data-e-type=\"container\" data-settings=\"{&quot;dte_container_type&quot;:&quot;flex&quot;}\">\n\t\t\t\t\t<div class=\"e-con-inner\">\n\t\t\t\t<div class=\"elementor-element elementor-element-ee022da elementor-widget__width-inherit elementor-widget elementor-widget-image\" data-id=\"ee022da\" data-element_type=\"widget\" data-e-type=\"widget\" data-widget_type=\"image.default\">\n\t\t\t\t<div class=\"elementor-widget-container\">\n\t\t\t\t\t\t\t\t\t\t\t\t\t\t\t<img decoding=\"async\" width=\"190\" height=\"78\" src=\"https:\/\/hotelekai.com\/fr\/wp-content\/uploads\/sites\/3\/hotel-restaurante-ekai-longida-pamplona-logo-190.webp\" class=\"attachment-large size-large wp-image-1775\" alt=\"hotel restaurante ekai longida pamplona logo 190\" \/>\t\t\t\t\t\t\t\t\t\t\t\t\t\t\t<\/div>\n\t\t\t\t<\/div>\n\t\t\t\t<div class=\"elementor-element elementor-element-d8fdd2a elementor-widget__width-inherit elementor-widget elementor-widget-heading\" data-id=\"d8fdd2a\" data-element_type=\"widget\" data-e-type=\"widget\" data-widget_type=\"heading.default\">\n\t\t\t\t<div class=\"elementor-widget-container\">\n\t\t\t\t\t<h2 class=\"elementor-heading-title elementor-size-default\">Quelques ann\u00e9es se sont \u00e9coul\u00e9es depuis que nous avons commenc\u00e9 le voyage\ndans ce<br> <b>Le monde de l'h\u00f4tellerie<\/b>.<\/h2>\t\t\t\t<\/div>\n\t\t\t\t<\/div>\n\t\t\t\t<div class=\"elementor-element elementor-element-a44f741 elementor-widget__width-inherit elementor-widget-divider--view-line elementor-widget elementor-widget-divider\" data-id=\"a44f741\" data-element_type=\"widget\" data-e-type=\"widget\" data-widget_type=\"divider.default\">\n\t\t\t\t<div class=\"elementor-widget-container\">\n\t\t\t\t\t\t\t<div class=\"elementor-divider\">\n\t\t\t<span class=\"elementor-divider-separator\">\n\t\t\t\t\t\t<\/span>\n\t\t<\/div>\n\t\t\t\t\t\t<\/div>\n\t\t\t\t<\/div>\n\t\t\t\t<div class=\"elementor-element elementor-element-bf1670d elementor-widget__width-inherit elementor-widget elementor-widget-text-editor\" data-id=\"bf1670d\" data-element_type=\"widget\" data-e-type=\"widget\" data-widget_type=\"text-editor.default\">\n\t\t\t\t<div class=\"elementor-widget-container\">\n\t\t\t\t\t\t\t\t\t<p>Voici notre chronologie \u00e0 Ecay de L\u00f3nguida<\/p>\t\t\t\t\t\t\t\t<\/div>\n\t\t\t\t<\/div>\n\t\t\t\t<div class=\"elementor-element elementor-element-684ca67 elementor-widget__width-initial elementor-widget-mobile__width-inherit elementor-widget elementor-widget-timeline-widget-addon\" data-id=\"684ca67\" data-element_type=\"widget\" data-e-type=\"widget\" data-widget_type=\"timeline-widget-addon.default\">\n\t\t\t\t<div class=\"elementor-widget-container\">\n\t\t\t\t\t<!-- ========= Timeline Widget Addon For Elementor 1.6.24 ========= -->\n<div id=\"twae-wrapper-684ca67\" class=\"twae-vertical twae-wrapper  twae-both-sided\">   \n    <div class=\"twae-start\"><\/div>    \n    <div id=\"twea-timeline-684ca67\" class=\"twae-timeline\" ><!-- Start of Story Repeater Content --><div id=\"story-3ac4c27\" class=\"twae-story twae-repeater-item twae-story-right twae-story-no-icon\"><!-- Story Label --><div class=\"twae-labels\"><div class=\"twae-label-big\">1978<\/div><\/div><!-- Story Icon --><div class=\"twae-icon\"><\/div><!-- Story Arrow --><div class=\"twae-arrow\"><\/div><!-- Start of Story Content --><div class=\"twae-content\"><!-- Story Title --><div class=\"twae-title\">Nos parents Luis et Alicia<\/div><!-- Story Description --><div class=\"twae-description\"><p>Ils ouvrent un petit bar dans le village d'Ecay de L\u00f3nguida, le village natal de ma m\u00e8re. C'est devenu le bar du village, car la \"Venta\" avait d\u00e9j\u00e0 ferm\u00e9 ses portes. Alicia, aid\u00e9e par sa s\u0153ur Charo \u00e0 la cuisine, et mon p\u00e8re Luis au bar ont commenc\u00e9 \u00e0 proposer leurs \"comidicas\". Mon fr\u00e8re Jos\u00e9 Luis et moi-m\u00eame aidions pendant les week-ends et les vacances.<\/p><\/div><\/div><\/div><!-- Start of Story Repeater Content --><div id=\"story-8893a29\" class=\"twae-story twae-repeater-item twae-story-left twae-story-no-icon\"><!-- Story Label --><div class=\"twae-labels\"><div class=\"twae-label-big\">1989<\/div><\/div><!-- Story Icon --><div class=\"twae-icon\"><\/div><!-- Story Arrow --><div class=\"twae-arrow\"><\/div><!-- Start of Story Content --><div class=\"twae-content\"><!-- Story Title --><div class=\"twae-title\">Bar \u00e0 Ecay<\/div><!-- Story Description --><div class=\"twae-description\"><p>Je reprends le bar Ecay avec ma belle-s\u0153ur Isabel dans la cuisine, qui a h\u00e9rit\u00e9 du style traditionnel et artisanal.<\/p><\/div><\/div><\/div><!-- Start of Story Repeater Content --><div id=\"story-71b31b0\" class=\"twae-story twae-repeater-item twae-story-right twae-story-no-icon\"><!-- Story Label --><div class=\"twae-labels\"><div class=\"twae-label-big\">1996<\/div><\/div><!-- Story Icon --><div class=\"twae-icon\"><\/div><!-- Story Arrow --><div class=\"twae-arrow\"><\/div><!-- Start of Story Content --><div class=\"twae-content\"><!-- Story Title --><div class=\"twae-title\">Restaurant EKAI<\/div><!-- Story Description --><div class=\"twae-description\"><p>Nous avons ouvert l'actuel RESTAURANT EKAI. Cette ann\u00e9e-l\u00e0, nous n'avons mis en service que le bar et la salle \u00e0 manger.<\/p><\/div><\/div><\/div><!-- Start of Story Repeater Content --><div id=\"story-4a11594\" class=\"twae-story twae-repeater-item twae-story-left twae-story-no-icon\"><!-- Story Label --><div class=\"twae-labels\"><div class=\"twae-label-big\">1997 <\/div><\/div><!-- Story Icon --><div class=\"twae-icon\"><\/div><!-- Story Arrow --><div class=\"twae-arrow\"><\/div><!-- Start of Story Content --><div class=\"twae-content\"><!-- Story Title --><div class=\"twae-title\">Premier \u00e9tage<\/div><!-- Story Description --><div class=\"twae-description\"><p>Nous avons construit le premier \u00e9tage du b\u00e2timent actuel. Nous disposons ici de 12 chambres doubles, de cat\u00e9gorie deux \u00e9toiles.<\/p><\/div><\/div><\/div><!-- Start of Story Repeater Content --><div id=\"story-40ba095\" class=\"twae-story twae-repeater-item twae-story-right twae-story-no-icon\"><!-- Story Label --><div class=\"twae-labels\"><div class=\"twae-label-big\">1998 <\/div><\/div><!-- Story Icon --><div class=\"twae-icon\"><\/div><!-- Story Arrow --><div class=\"twae-arrow\"><\/div><!-- Start of Story Content --><div class=\"twae-content\"><!-- Story Title --><div class=\"twae-title\">Penthouse<\/div><!-- Story Description --><div class=\"twae-description\"><p>Nous disposons de 4 chambres \"sup\u00e9rieures\" dans le grenier, plus spacieuses, id\u00e9ales pour les familles, et de 4 chambres individuelles.<\/p><\/div><\/div><\/div><!-- Start of Story Repeater Content --><div id=\"story-53f79b4\" class=\"twae-story twae-repeater-item twae-story-left twae-story-no-icon\"><!-- Story Label --><div class=\"twae-labels\"><div class=\"twae-label-big\">2000 <\/div><\/div><!-- Story Icon --><div class=\"twae-icon\"><\/div><!-- Story Arrow --><div class=\"twae-arrow\"><\/div><!-- Start of Story Content --><div class=\"twae-content\"><!-- Story Title --><div class=\"twae-title\">Restaurant Untzea<\/div><!-- Story Description --><div class=\"twae-description\"><p>Nous avons achet\u00e9 un entrep\u00f4t dans la zone industrielle d'Aoiz et l'avons transform\u00e9 en l'actuel RESTAURANT UNTZEA, destin\u00e9 \u00e0 desservir la zone industrielle.<\/p><\/div><\/div><\/div><!-- Start of Story Repeater Content --><div id=\"story-4432a9a\" class=\"twae-story twae-repeater-item twae-story-right twae-story-no-icon\"><!-- Story Label --><div class=\"twae-labels\"><div class=\"twae-label-big\">2006<\/div><\/div><!-- Story Icon --><div class=\"twae-icon\"><\/div><!-- Story Arrow --><div class=\"twae-arrow\"><\/div><!-- Start of Story Content --><div class=\"twae-content\"><!-- Story Title --><div class=\"twae-title\">Association Reckrea<\/div><!-- Story Description --><div class=\"twae-description\"><p>Nous avons rejoint l'ASSOCIATION DES H\u00d4TELS RURAUX DE NAVARRA-RECKREA. Sa philosophie et sa fa\u00e7on d'appr\u00e9hender le tourisme dans notre communaut\u00e9 nous permettent de nous identifier pleinement \u00e0 la marque.<\/p><\/div><\/div><\/div><!-- Start of Story Repeater Content --><div id=\"story-9994ec4\" class=\"twae-story twae-repeater-item twae-story-left twae-story-no-icon\"><!-- Story Label --><div class=\"twae-labels\"><div class=\"twae-label-big\">2009 <\/div><\/div><!-- Story Icon --><div class=\"twae-icon\"><\/div><!-- Story Arrow --><div class=\"twae-arrow\"><\/div><!-- Start of Story Content --><div class=\"twae-content\"><!-- Story Title --><div class=\"twae-title\">Appartements touristiques<\/div><!-- Story Description --><div class=\"twae-description\"><p>Nous avons \u00e9t\u00e9 pionniers \u00e0 Aoiz en enregistrant les premiers APPARTEMENTS TOURISTIQUES de la ville. Il s'agit des appartements Pasaleku et Harinera. \u00c0 l'h\u00f4tel Ekai, nous avons introduit le Q pour qualit\u00e9.<\/p><\/div><\/div><\/div><!-- Start of Story Repeater Content --><div id=\"story-cb7178e\" class=\"twae-story twae-repeater-item twae-story-right twae-story-no-icon\"><!-- Story Label --><div class=\"twae-labels\"><div class=\"twae-label-big\">2010-2012<\/div><\/div><!-- Story Icon --><div class=\"twae-icon\"><\/div><!-- Story Arrow --><div class=\"twae-arrow\"><\/div><!-- Start of Story Content --><div class=\"twae-content\"><!-- Story Title --><div class=\"twae-title\">Restaurant Zaldu<\/div><!-- Story Description --><div class=\"twae-description\"><p>Nous sommes devenus g\u00e9rants du RESTAURANT ZALDU, dans une belle enclave de la ville d'OROZ-BETELU. En 2012, nous avons rejoint l'ASSOCIATION LOGIS. La grande trajectoire de Logis de France, son potentiel international nous pousse \u00e0 ouvrir de nouvelles fronti\u00e8res.<\/p><\/div><\/div><\/div><!-- Start of Story Repeater Content --><div id=\"story-ffd1a35\" class=\"twae-story twae-repeater-item twae-story-left twae-story-no-icon\"><!-- Story Label --><div class=\"twae-labels\"><div class=\"twae-label-big\">2014 <\/div><\/div><!-- Story Icon --><div class=\"twae-icon\"><\/div><!-- Story Arrow --><div class=\"twae-arrow\"><\/div><!-- Start of Story Content --><div class=\"twae-content\"><!-- Story Title --><div class=\"twae-title\">Prix du tourisme<\/div><!-- Story Description --><div class=\"twae-description\"><p>L'ASSOCIATION DES H\u00d4TELS RURAUX DE NAVARRA-RECKREA re\u00e7oit le PRIX TOURISTIQUE REYNO DE NAVARRA pour son histoire, son travail et son importance dans le domaine du tourisme au sein de notre communaut\u00e9.<\/p><\/div><\/div><\/div><!-- Start of Story Repeater Content --><div id=\"story-c403c4e\" class=\"twae-story twae-repeater-item twae-story-right twae-story-no-icon\"><!-- Story Label --><div class=\"twae-labels\"><div class=\"twae-label-big\">2016<\/div><\/div><!-- Story Icon --><div class=\"twae-icon\"><\/div><!-- Story Arrow --><div class=\"twae-arrow\"><\/div><!-- Start of Story Content --><div class=\"twae-content\"><!-- Story Title --><div class=\"twae-title\">Meilleur h\u00f4tel sur Trivago<\/div><!-- Story Description --><div class=\"twae-description\"><p>Les utilisateurs de TRIVAGO nous ont choisis comme le MEILLEUR H\u00d4TEL 3 \u00c9TOILES de Navarre.<\/p><\/div><\/div><\/div><!-- Start of Story Repeater Content --><div id=\"story-c1ac2ff\" class=\"twae-story twae-repeater-item twae-story-left twae-story-no-icon\"><!-- Story Label --><div class=\"twae-labels\"><div class=\"twae-label-big\">2019<\/div><\/div><!-- Story Icon --><div class=\"twae-icon\"><\/div><!-- Story Arrow --><div class=\"twae-arrow\"><\/div><!-- Start of Story Content --><div class=\"twae-content\"><!-- Story Title --><div class=\"twae-title\">Tourisme rural en Navarre<\/div><!-- Story Description --><div class=\"twae-description\"><p>Nous faisons d\u00e9sormais partie de la F\u00e9d\u00e9ration du tourisme rural de Navarre et de l'Association des petites entreprises h\u00f4teli\u00e8res de Navarre.<\/p><\/div><\/div><\/div><\/div>\n    <div class=\"twae-end\"><\/div>\n    <\/div><style type=\"text\/css\">@media (max-width: 1024px){ .twae-wrapper{--tw-ybx-size: 80px !important;}}@media (max-width: 767px){ .twae-wrapper{--tw-ybx-size: 80px !important}}<\/style>\t\t\t\t<\/div>\n\t\t\t\t<\/div>\n\t\t\t\t<div class=\"elementor-element elementor-element-aa71363 elementor-widget elementor-widget-html\" data-id=\"aa71363\" data-element_type=\"widget\" data-e-type=\"widget\" data-widget_type=\"html.default\">\n\t\t\t\t<div class=\"elementor-widget-container\">\n\t\t\t\t\t<script>\n    jQuery('.twae-title').replaceWith(function(){\n    return jQuery(\"<h3 \/>\", {html: jQuery(this).html()});\n});\n<\/script>\t\t\t\t<\/div>\n\t\t\t\t<\/div>\n\t\t\t\t<div class=\"elementor-element elementor-element-a4c6dd0 elementor-align-center elementor-widget__width-initial elementor-widget-mobile__width-inherit elementor-widget elementor-widget-button\" data-id=\"a4c6dd0\" data-element_type=\"widget\" data-e-type=\"widget\" data-widget_type=\"button.default\">\n\t\t\t\t<div class=\"elementor-widget-container\">\n\t\t\t\t\t\t\t\t\t<div class=\"elementor-button-wrapper\">\n\t\t\t\t\t<a class=\"elementor-button elementor-button-link elementor-size-xl\" href=\"https:\/\/booking.avirato.com\/?code=49992171\" target=\"_blank\">\n\t\t\t\t\t\t<span class=\"elementor-button-content-wrapper\">\n\t\t\t\t\t\t\t\t\t<span class=\"elementor-button-text\">Rerserva hoy mismo<\/span>\n\t\t\t\t\t<\/span>\n\t\t\t\t\t<\/a>\n\t\t\t\t<\/div>\n\t\t\t\t\t\t\t\t<\/div>\n\t\t\t\t<\/div>\n\t\t\t\t<div class=\"elementor-element elementor-element-ef36813 elementor-align-center elementor-widget__width-initial elementor-widget-mobile__width-inherit elementor-widget elementor-widget-button\" data-id=\"ef36813\" data-element_type=\"widget\" data-e-type=\"widget\" data-widget_type=\"button.default\">\n\t\t\t\t<div class=\"elementor-widget-container\">\n\t\t\t\t\t\t\t\t\t<div class=\"elementor-button-wrapper\">\n\t\t\t\t\t<a class=\"elementor-button elementor-button-link elementor-size-xl\" href=\"https:\/\/hotelekai.com\/fr\/contacto-con-hotel-ekai\/\" target=\"_blank\">\n\t\t\t\t\t\t<span class=\"elementor-button-content-wrapper\">\n\t\t\t\t\t\t\t\t\t<span class=\"elementor-button-text\">\u00bfAlguna duda?<\/span>\n\t\t\t\t\t<\/span>\n\t\t\t\t\t<\/a>\n\t\t\t\t<\/div>\n\t\t\t\t\t\t\t\t<\/div>\n\t\t\t\t<\/div>\n\t\t\t\t\t<\/div>\n\t\t\t\t<\/div>\n\t\t\t\t<\/div>\n\t\t","protected":false},"excerpt":{"rendered":"<p>L&#8217;h\u00f4tel Ekay \u00e0 L\u00f3nguida, Navarre Quelques ann\u00e9es se sont \u00e9coul\u00e9es depuis que nous avons commenc\u00e9 le voyage dans ce Le monde de l&#8217;h\u00f4tellerie. Voici notre chronologie \u00e0 Ecay de L\u00f3nguida 1978Nos parents Luis et Alicia Ils ouvrent un petit bar dans le village d&#8217;Ecay de L\u00f3nguida, le village natal de ma m\u00e8re. C&#8217;est devenu le [&hellip;]<\/p>\n","protected":false},"author":1,"featured_media":0,"parent":0,"menu_order":0,"comment_status":"closed","ping_status":"closed","template":"elementor_header_footer","meta":{"_acf_changed":false,"footnotes":""},"class_list":["post-1883","page","type-page","status-publish","hentry"],"acf":[],"yoast_head":"<!-- This site is optimized with the Yoast SEO plugin v27.5 - https:\/\/yoast.com\/product\/yoast-seo-wordpress\/ -->\n<title>El Hotel Ekai en Ecay de L\u00f3nguida - Hotel Ekay<\/title>\n<meta name=\"description\" content=\"El Hotel Ekai en Ecay de L\u00f3nguida. Ya hace unos a\u00f1icos que comenzamos la andadura en estemundo de la hosteler\u00eda.\" \/>\n<meta name=\"robots\" content=\"index, follow, max-snippet:-1, max-image-preview:large, max-video-preview:-1\" \/>\n<link rel=\"canonical\" href=\"https:\/\/hotelekai.com\/fr\/el-hotel-ekai-en-ecay-de-longuida\/\" \/>\n<meta property=\"og:locale\" content=\"es_ES\" \/>\n<meta property=\"og:type\" content=\"article\" \/>\n<meta property=\"og:title\" content=\"El Hotel Ekai en Ecay de L\u00f3nguida - Hotel Ekay\" \/>\n<meta property=\"og:description\" content=\"El Hotel Ekai en Ecay de L\u00f3nguida. Ya hace unos a\u00f1icos que comenzamos la andadura en estemundo de la hosteler\u00eda.\" \/>\n<meta property=\"og:url\" content=\"https:\/\/hotelekai.com\/fr\/el-hotel-ekai-en-ecay-de-longuida\/\" \/>\n<meta property=\"og:site_name\" content=\"Hotel EKAI Fr\" \/>\n<meta property=\"article:modified_time\" content=\"2023-06-01T13:48:45+00:00\" \/>\n<meta property=\"og:image\" content=\"https:\/\/hotelekai.com\/fr\/wp-content\/uploads\/sites\/3\/hotel-restaurante-ekai-longida-pamplona-logo-190.webp\" \/>\n<meta name=\"twitter:card\" content=\"summary_large_image\" \/>\n<meta name=\"twitter:label1\" content=\"Tiempo de lectura\" \/>\n\t<meta name=\"twitter:data1\" content=\"3 minutos\" \/>\n<script type=\"application\/ld+json\" class=\"yoast-schema-graph\">{\"@context\":\"https:\\\/\\\/schema.org\",\"@graph\":[{\"@type\":\"WebPage\",\"@id\":\"https:\\\/\\\/hotelekai.com\\\/fr\\\/el-hotel-ekai-en-ecay-de-longuida\\\/\",\"url\":\"https:\\\/\\\/hotelekai.com\\\/fr\\\/el-hotel-ekai-en-ecay-de-longuida\\\/\",\"name\":\"El Hotel Ekai en Ecay de L\u00f3nguida - Hotel Ekay\",\"isPartOf\":{\"@id\":\"https:\\\/\\\/hotelekai.com\\\/fr\\\/#website\"},\"primaryImageOfPage\":{\"@id\":\"https:\\\/\\\/hotelekai.com\\\/fr\\\/el-hotel-ekai-en-ecay-de-longuida\\\/#primaryimage\"},\"image\":{\"@id\":\"https:\\\/\\\/hotelekai.com\\\/fr\\\/el-hotel-ekai-en-ecay-de-longuida\\\/#primaryimage\"},\"thumbnailUrl\":\"https:\\\/\\\/hotelekai.com\\\/fr\\\/wp-content\\\/uploads\\\/sites\\\/3\\\/hotel-restaurante-ekai-longida-pamplona-logo-190.webp\",\"datePublished\":\"2022-06-03T11:45:28+00:00\",\"dateModified\":\"2023-06-01T13:48:45+00:00\",\"description\":\"El Hotel Ekai en Ecay de L\u00f3nguida. Ya hace unos a\u00f1icos que comenzamos la andadura en estemundo de la hosteler\u00eda.\",\"breadcrumb\":{\"@id\":\"https:\\\/\\\/hotelekai.com\\\/fr\\\/el-hotel-ekai-en-ecay-de-longuida\\\/#breadcrumb\"},\"inLanguage\":\"es\",\"potentialAction\":[{\"@type\":\"ReadAction\",\"target\":[\"https:\\\/\\\/hotelekai.com\\\/fr\\\/el-hotel-ekai-en-ecay-de-longuida\\\/\"]}]},{\"@type\":\"ImageObject\",\"inLanguage\":\"es\",\"@id\":\"https:\\\/\\\/hotelekai.com\\\/fr\\\/el-hotel-ekai-en-ecay-de-longuida\\\/#primaryimage\",\"url\":\"https:\\\/\\\/hotelekai.com\\\/fr\\\/wp-content\\\/uploads\\\/sites\\\/3\\\/hotel-restaurante-ekai-longida-pamplona-logo-190.webp\",\"contentUrl\":\"https:\\\/\\\/hotelekai.com\\\/fr\\\/wp-content\\\/uploads\\\/sites\\\/3\\\/hotel-restaurante-ekai-longida-pamplona-logo-190.webp\",\"width\":190,\"height\":78,\"caption\":\"hotel restaurante ekai longida pamplona logo 190\"},{\"@type\":\"BreadcrumbList\",\"@id\":\"https:\\\/\\\/hotelekai.com\\\/fr\\\/el-hotel-ekai-en-ecay-de-longuida\\\/#breadcrumb\",\"itemListElement\":[{\"@type\":\"ListItem\",\"position\":1,\"name\":\"Portada\",\"item\":\"https:\\\/\\\/hotelekai.com\\\/fr\\\/\"},{\"@type\":\"ListItem\",\"position\":2,\"name\":\"El Hotel Ekai en Ecay de L\u00f3nguida\"}]},{\"@type\":\"WebSite\",\"@id\":\"https:\\\/\\\/hotelekai.com\\\/fr\\\/#website\",\"url\":\"https:\\\/\\\/hotelekai.com\\\/fr\\\/\",\"name\":\"Hotel EKAI Fr\",\"description\":\"Hotel Ekay\",\"potentialAction\":[{\"@type\":\"SearchAction\",\"target\":{\"@type\":\"EntryPoint\",\"urlTemplate\":\"https:\\\/\\\/hotelekai.com\\\/fr\\\/?s={search_term_string}\"},\"query-input\":{\"@type\":\"PropertyValueSpecification\",\"valueRequired\":true,\"valueName\":\"search_term_string\"}}],\"inLanguage\":\"es\"}]}<\/script>\n<!-- \/ Yoast SEO plugin. -->","yoast_head_json":{"title":"El Hotel Ekai en Ecay de L\u00f3nguida - Hotel Ekay","description":"El Hotel Ekai en Ecay de L\u00f3nguida. Ya hace unos a\u00f1icos que comenzamos la andadura en estemundo de la hosteler\u00eda.","robots":{"index":"index","follow":"follow","max-snippet":"max-snippet:-1","max-image-preview":"max-image-preview:large","max-video-preview":"max-video-preview:-1"},"canonical":"https:\/\/hotelekai.com\/fr\/el-hotel-ekai-en-ecay-de-longuida\/","og_locale":"es_ES","og_type":"article","og_title":"El Hotel Ekai en Ecay de L\u00f3nguida - Hotel Ekay","og_description":"El Hotel Ekai en Ecay de L\u00f3nguida. Ya hace unos a\u00f1icos que comenzamos la andadura en estemundo de la hosteler\u00eda.","og_url":"https:\/\/hotelekai.com\/fr\/el-hotel-ekai-en-ecay-de-longuida\/","og_site_name":"Hotel EKAI Fr","article_modified_time":"2023-06-01T13:48:45+00:00","og_image":[{"url":"https:\/\/hotelekai.com\/fr\/wp-content\/uploads\/sites\/3\/hotel-restaurante-ekai-longida-pamplona-logo-190.webp","type":"","width":"","height":""}],"twitter_card":"summary_large_image","twitter_misc":{"Tiempo de lectura":"3 minutos"},"schema":{"@context":"https:\/\/schema.org","@graph":[{"@type":"WebPage","@id":"https:\/\/hotelekai.com\/fr\/el-hotel-ekai-en-ecay-de-longuida\/","url":"https:\/\/hotelekai.com\/fr\/el-hotel-ekai-en-ecay-de-longuida\/","name":"El Hotel Ekai en Ecay de L\u00f3nguida - Hotel Ekay","isPartOf":{"@id":"https:\/\/hotelekai.com\/fr\/#website"},"primaryImageOfPage":{"@id":"https:\/\/hotelekai.com\/fr\/el-hotel-ekai-en-ecay-de-longuida\/#primaryimage"},"image":{"@id":"https:\/\/hotelekai.com\/fr\/el-hotel-ekai-en-ecay-de-longuida\/#primaryimage"},"thumbnailUrl":"https:\/\/hotelekai.com\/fr\/wp-content\/uploads\/sites\/3\/hotel-restaurante-ekai-longida-pamplona-logo-190.webp","datePublished":"2022-06-03T11:45:28+00:00","dateModified":"2023-06-01T13:48:45+00:00","description":"El Hotel Ekai en Ecay de L\u00f3nguida. Ya hace unos a\u00f1icos que comenzamos la andadura en estemundo de la hosteler\u00eda.","breadcrumb":{"@id":"https:\/\/hotelekai.com\/fr\/el-hotel-ekai-en-ecay-de-longuida\/#breadcrumb"},"inLanguage":"es","potentialAction":[{"@type":"ReadAction","target":["https:\/\/hotelekai.com\/fr\/el-hotel-ekai-en-ecay-de-longuida\/"]}]},{"@type":"ImageObject","inLanguage":"es","@id":"https:\/\/hotelekai.com\/fr\/el-hotel-ekai-en-ecay-de-longuida\/#primaryimage","url":"https:\/\/hotelekai.com\/fr\/wp-content\/uploads\/sites\/3\/hotel-restaurante-ekai-longida-pamplona-logo-190.webp","contentUrl":"https:\/\/hotelekai.com\/fr\/wp-content\/uploads\/sites\/3\/hotel-restaurante-ekai-longida-pamplona-logo-190.webp","width":190,"height":78,"caption":"hotel restaurante ekai longida pamplona logo 190"},{"@type":"BreadcrumbList","@id":"https:\/\/hotelekai.com\/fr\/el-hotel-ekai-en-ecay-de-longuida\/#breadcrumb","itemListElement":[{"@type":"ListItem","position":1,"name":"Portada","item":"https:\/\/hotelekai.com\/fr\/"},{"@type":"ListItem","position":2,"name":"El Hotel Ekai en Ecay de L\u00f3nguida"}]},{"@type":"WebSite","@id":"https:\/\/hotelekai.com\/fr\/#website","url":"https:\/\/hotelekai.com\/fr\/","name":"Hotel EKAI Fr","description":"Hotel Ekay","potentialAction":[{"@type":"SearchAction","target":{"@type":"EntryPoint","urlTemplate":"https:\/\/hotelekai.com\/fr\/?s={search_term_string}"},"query-input":{"@type":"PropertyValueSpecification","valueRequired":true,"valueName":"search_term_string"}}],"inLanguage":"es"}]}},"_links":{"self":[{"href":"https:\/\/hotelekai.com\/fr\/wp-json\/wp\/v2\/pages\/1883","targetHints":{"allow":["GET"]}}],"collection":[{"href":"https:\/\/hotelekai.com\/fr\/wp-json\/wp\/v2\/pages"}],"about":[{"href":"https:\/\/hotelekai.com\/fr\/wp-json\/wp\/v2\/types\/page"}],"author":[{"embeddable":true,"href":"https:\/\/hotelekai.com\/fr\/wp-json\/wp\/v2\/users\/1"}],"replies":[{"embeddable":true,"href":"https:\/\/hotelekai.com\/fr\/wp-json\/wp\/v2\/comments?post=1883"}],"version-history":[{"count":26,"href":"https:\/\/hotelekai.com\/fr\/wp-json\/wp\/v2\/pages\/1883\/revisions"}],"predecessor-version":[{"id":3824,"href":"https:\/\/hotelekai.com\/fr\/wp-json\/wp\/v2\/pages\/1883\/revisions\/3824"}],"wp:attachment":[{"href":"https:\/\/hotelekai.com\/fr\/wp-json\/wp\/v2\/media?parent=1883"}],"curies":[{"name":"wp","href":"https:\/\/api.w.org\/{rel}","templated":true}]}}